{"id":3,"date":"2025-09-16T06:43:19","date_gmt":"2025-09-16T06:43:19","guid":{"rendered":"https:\/\/steinemann-cvs.ch\/?page_id=3"},"modified":"2025-09-23T12:34:32","modified_gmt":"2025-09-23T12:34:32","slug":"gizlilik-politikasi","status":"publish","type":"page","link":"https:\/\/steinemann-cvs.ch\/tr\/privacy-policy\/","title":{"rendered":"Gizlilik Politikas\u0131"},"content":{"rendered":"<p>ConVacc AG'nin web sitesi ve m\u00fc\u015fterileri i\u00e7in<\/p>\n\n\n\n<p><\/p>\n\n\n\n<p>Bu Gizlilik Politikas\u0131 ile, Flawil merkezli ConVacc AG olarak, web sitemizi kulland\u0131\u011f\u0131n\u0131zda, \u00fcr\u00fcnlerimizi sat\u0131n ald\u0131\u011f\u0131n\u0131zda, hizmetlerimizi kulland\u0131\u011f\u0131n\u0131zda, bir s\u00f6zle\u015fme ba\u011flam\u0131nda bizimle ba\u015fka bir \u015fekilde ba\u011flant\u0131 kurdu\u011funuzda veya bizimle ileti\u015fim kurdu\u011funuzda ki\u015fisel verilerinizi nas\u0131l i\u015fledi\u011fimizi a\u00e7\u0131kl\u0131yoruz.<\/p>\n\n\n\n<p>Bize ba\u015fka ki\u015filerle (\u00f6rn. aile \u00fcyeleri, \u00e7al\u0131\u015fanlar, i\u015f arkada\u015flar\u0131 vb.) ilgili veriler sa\u011flarsan\u0131z, bunu yapmaya yetkili oldu\u011funuzu, bu verilerin do\u011fru oldu\u011funu ve bunlar\u0131 burada a\u00e7\u0131kland\u0131\u011f\u0131 \u015fekilde i\u015fleyebilece\u011fimizi varsayar\u0131z. \u00dc\u00e7\u00fcnc\u00fc taraf verilerini g\u00f6ndererek bunu onaylam\u0131\u015f olursunuz. L\u00fctfen s\u00f6z konusu \u00fc\u00e7\u00fcnc\u00fc taraflar\u0131n bu Gizlilik Politikas\u0131 hakk\u0131nda bilgilendirildi\u011finden de emin olun.<\/p>\n\n\n\n<p>Gizlili\u011finizin korunmas\u0131 bizim i\u00e7in \u00f6nemli bir konudur. Verilerinizi yaln\u0131zca \u0130svi\u00e7re Veri Koruma Yasas\u0131'na uygun olarak i\u015fliyoruz.<\/p>\n\n\n\n<p><\/p>\n\n\n\n<h4 class=\"wp-block-heading\">1. Ki\u015fisel verilerinizin i\u015flenmesinden kim sorumludur?<\/h4>\n\n\n\n<p>Bu Gizlilik Politikas\u0131nda a\u00e7\u0131klanan i\u015flemler i\u00e7in veri denetleyicisi, \u00f6zel durumlarda aksi bildirilmedik\u00e7e ConVacc AG, Wilerstrasse 2180, 9230 Flawil'dir.<\/p>\n\n\n\n<p>Ki\u015fisel verileri i\u015flememizle ilgili sorular\u0131n\u0131z veya di\u011fer veri koruma endi\u015feleriniz i\u00e7in l\u00fctfen bizimle ileti\u015fime ge\u00e7in:<\/p>\n\n\n\n<p>ConVacc AG<br>Marco Biser<br>Wilerstrasse 2180<br>9230 Flawil<br><a>privacy@steinemanngroup.com<\/a><\/p>\n\n\n\n<p><\/p>\n\n\n\n<h4 class=\"wp-block-heading\">2. Hangi ki\u015fisel verileri ne ama\u00e7la i\u015fliyoruz?<\/h4>\n\n\n\n<p><\/p>\n\n\n\n<p><strong>2.1 Web sitesi<\/strong><br>Web sitemizi ziyaret etti\u011finizde, a\u015fa\u011f\u0131daki eri\u015fim verilerini i\u015fleriz: ziyaret edilen web sitesi, eri\u015fim zaman\u0131, kaynak\/referrer, kullan\u0131lan taray\u0131c\u0131, kullan\u0131lan i\u015fletim sistemi ve IP adresi. Bu, web sitesinin kullan\u0131m\u0131n\u0131 etkinle\u015ftirmek (ba\u011flant\u0131 kurulumu), sistem g\u00fcvenli\u011fini ve istikrar\u0131n\u0131 sa\u011flamak, \u00e7evrimi\u00e7i teklifi optimize etmek ve dahili istatistiksel ama\u00e7lar i\u00e7indir.<\/p>\n\n\n\n<p><\/p>\n\n\n\n<p><strong>2.2 Sat\u0131\u015f s\u00fcreci<\/strong><br>Bizimle sat\u0131\u015f s\u00fcrecine girerseniz, bu s\u00fcreci biz y\u00fcr\u00fct\u00fcr\u00fcz:<\/p>\n\n\n\n<ul class=\"wp-block-list\">\n<li>Selamlama, ad, soyad, cinsiyet, do\u011fum tarihi<\/li>\n\n\n\n<li>Adres, e-posta adresi, telefon numaras\u0131 ve di\u011fer ileti\u015fim bilgileri<\/li>\n\n\n\n<li>\u015eirketlerdeki i\u015f unvanlar\u0131 ve roller hakk\u0131nda bilgiler (i\u015f ortaklar\u0131m\u0131z\u0131n irtibat ki\u015fileri ve temsilcileri i\u00e7in)<\/li>\n\n\n\n<li>\u00d6deme bilgileri (\u00f6rne\u011fin, kay\u0131tl\u0131 \u00f6deme y\u00f6ntemleri, banka bilgileri, fatura adresi)<\/li>\n\n\n\n<li>\u00c7evrimi\u00e7i platformlar\u0131m\u0131z\u0131n kullan\u0131m\u0131na ili\u015fkin bilgiler (\u00f6r. web ma\u011fazas\u0131 kayd\u0131)<\/li>\n\n\n\n<li>Tercihler ve ilgi alanlar\u0131, dil ayarlar\u0131 vb.<\/li>\n\n\n\n<li>Bizimle olan ili\u015fkiniz hakk\u0131nda bilgiler (m\u00fc\u015fteri, ziyaret\u00e7i, tedarik\u00e7i vb.)<\/li>\n\n\n\n<li>\u0130lgili \u00fc\u00e7\u00fcnc\u00fc taraflar hakk\u0131nda bilgiler (\u00f6rne\u011fin, irtibatlar, yararlan\u0131c\u0131lar, temsilciler)<\/li>\n\n\n\n<li>Pazarlama ayarlar\u0131, b\u00fclten abonelikleri vb.<\/li>\n\n\n\n<li>Yar\u0131\u015fmalara, etkinliklere, \u00f6d\u00fcl \u00e7ekili\u015flerine kat\u0131l\u0131m<\/li>\n\n\n\n<li>Kay\u0131tlar\u0131n tarihi ve saati<\/li>\n<\/ul>\n\n\n\n<p>Ama\u00e7lar: s\u00f6zle\u015fmeye dayal\u0131 ili\u015fkilerin ba\u015flat\u0131lmas\u0131, y\u00f6netimi ve y\u00fcr\u00fct\u00fclmesi, m\u00fc\u015fteri ihtiya\u00e7lar\u0131n\u0131n belirlenmesi, pazarlama faaliyetlerinin ve sadakat programlar\u0131n\u0131n y\u00fcr\u00fct\u00fclmesi ve s\u00f6zle\u015fmeye dayal\u0131 taleplerin uygulanmas\u0131 (tahsilatlar, davalar vb.) dahil olmak \u00fczere i\u015f operasyonlar\u0131n\u0131 ve m\u00fc\u015fteri deste\u011fini yerinde ve arka ofiste sa\u011flamak.<\/p>\n\n\n\n<p><\/p>\n\n\n\n<p><strong>2.3 Pazarlama faaliyetleri<\/strong><br>Ki\u015fisel verileri ili\u015fki y\u00f6netimi ve pazarlama i\u00e7in, \u00f6rne\u011fin size yaz\u0131l\u0131 ve elektronik ileti\u015fimler ve teklifler g\u00f6ndermek ve pazarlama kampanyalar\u0131 y\u00fcr\u00fctmek i\u00e7in i\u015fliyoruz. \u0130leti\u015fimler ve teklifler, ana, s\u00f6zle\u015fme, ileti\u015fim ve i\u015flem verileri kullan\u0131larak yaln\u0131zca ilgili bilgileri sa\u011flamak i\u00e7in ki\u015fiselle\u015ftirilebilir. \u00d6rnekler \u015funlar\u0131 i\u00e7erir:<\/p>\n\n\n\n<ul class=\"wp-block-list\">\n<li>Haber b\u00fcltenleri, tan\u0131t\u0131m e-postalar\u0131 ve di\u011fer elektronik mesajlar<\/li>\n\n\n\n<li>Bro\u015f\u00fcrler, dergiler ve bas\u0131l\u0131 materyaller<\/li>\n\n\n\n<li>Promosyon kuponlar\u0131n\u0131n ve kodlar\u0131n\u0131n da\u011f\u0131t\u0131m\u0131<\/li>\n\n\n\n<li>Etkinliklere, yar\u0131\u015fmalara ve \u00f6d\u00fcl \u00e7ekili\u015flerine davetiyeler<\/li>\n<\/ul>\n\n\n\n<p><\/p>\n\n\n\n<p><strong>2.4 Tedarik Zinciri<\/strong><br>Bir tedarik\u00e7i olarak hareket ediyorsan\u0131z, ad\u0131n\u0131z\u0131, ileti\u015fim bilgilerinizi, \u015firketinizi ve pozisyonunuzu i\u015f operasyonlar\u0131, ileti\u015fim (\u00f6r. \u00fcr\u00fcn \u00f6zellikleri, teslimat durumu), sipari\u015f i\u015fleme ve s\u00f6zle\u015fme taleplerinin uygulanmas\u0131 i\u00e7in i\u015fleriz.<\/p>\n\n\n\n<p><\/p>\n\n\n\n<p><strong>2.5 \u0130\u015fe Al\u0131m<\/strong><br>Bizimle e-posta veya i\u015fe al\u0131m platformumuz arac\u0131l\u0131\u011f\u0131yla ileti\u015fime ge\u00e7meniz ve \u00f6zge\u00e7mi\u015finizi ve\/veya di\u011fer ba\u015fvuru belgelerinizi g\u00f6ndermeniz halinde, ba\u015fvurular\u0131 de\u011ferlendirmek ve y\u00f6netmek ve ilan edilen pozisyonlara veya gelecekteki kariyer f\u0131rsatlar\u0131na uygunlu\u011fu de\u011ferlendirmek i\u00e7in verilerinizi i\u015fleriz.<\/p>\n\n\n\n<p><\/p>\n\n\n\n<p><strong>2.6 \u0130stihdam ili\u015fkisi<\/strong><br>ConVacc AG ile bir istihdam ili\u015fkisine girerseniz, ileti\u015fim bilgileri, medeni durum\/aile durumu, vergi ile ilgili bilgiler, banka bilgileri ve olas\u0131 bor\u00e7 tahsilat\u0131 veya sab\u0131ka kay\u0131tlar\u0131 dahil olmak \u00fczere istihdam i\u00e7in gerekli t\u00fcm ilgili ki\u015fisel verileri i\u015fleriz. Ama\u00e7lar: istihdam, sosyal sigorta, kaynak vergisi i\u015flemleri, aile \u00f6denekleri ve maa\u015f bordrosunun do\u011fru \u015fekilde y\u00f6netilmesini sa\u011flamak.<\/p>\n\n\n\n<p><\/p>\n\n\n\n<p><strong>2.7 Flawil'de saha eri\u015fimi<\/strong><br>Tesisimize ara\u00e7la girerseniz, k\u0131sa bir video kayd\u0131 y\u00fcz\u00fcn\u00fcz\u00fc ve\/veya plakan\u0131z\u0131 yakalayabilir. Ama\u00e7: yetkili ki\u015filer ve g\u00fcvenlik i\u00e7in otomatik site eri\u015fimi. Kay\u0131tlar bir (1) hafta sonra otomatik olarak silinir.<\/p>\n\n\n\n<p><\/p>\n\n\n\n<h4 class=\"wp-block-heading\">3. Ki\u015fisel verilerinizi kimlerle payla\u015f\u0131yoruz?<\/h4>\n\n\n\n<p>Sipari\u015flerin i\u015flenmesi, s\u00f6zle\u015fmelerin yerine getirilmesi veya bu Gizlilik Politikas\u0131nda a\u00e7\u0131klanan ama\u00e7lar i\u00e7in gerekli olmad\u0131k\u00e7a, ki\u015fisel verileri izinsiz olarak \u00fc\u00e7\u00fcnc\u00fc taraflarla payla\u015fmay\u0131z. Buna harici dan\u0131\u015fmanlar, uzmanlar, denet\u00e7iler veya yetkililer dahil olabilir.<\/p>\n\n\n\n<p>Verileri, \u00f6zellikle BT hizmet sa\u011flay\u0131c\u0131lar\u0131, platform sa\u011flay\u0131c\u0131lar\u0131 veya yukar\u0131da belirtilen ama\u00e7lar\u0131 ger\u00e7ekle\u015ftirmede bize destek olan di\u011fer hizmet sa\u011flay\u0131c\u0131lar\u0131 gibi i\u015flemcilere de aktarabiliriz.<\/p>\n\n\n\n<p><\/p>\n\n\n\n<h4 class=\"wp-block-heading\">4. Ki\u015fisel verileriniz yurtd\u0131\u015f\u0131na aktar\u0131lacak m\u0131?<\/h4>\n\n\n\n<p>Sipari\u015f i\u015fleme, s\u00f6zle\u015fmeler veya bu Gizlilik Politikas\u0131nda a\u00e7\u0131klanan ama\u00e7larla ba\u011flant\u0131l\u0131 olarak, verileri \u0130svi\u00e7re d\u0131\u015f\u0131ndaki al\u0131c\u0131lara aktarabiliriz. Yurt d\u0131\u015f\u0131na aktar\u0131mlar yabanc\u0131 hizmet sa\u011flay\u0131c\u0131lar, yetkililer veya ortaklar ile ger\u00e7ekle\u015febilir. Ba\u011flama ba\u011fl\u0131 olarak, verileriniz hem \u0130svi\u00e7re'de hem de di\u011fer Avrupa \u00fclkelerinde i\u015flenebilir.<\/p>\n\n\n\n<p><\/p>\n\n\n\n<h4 class=\"wp-block-heading\">5. Hangi haklara sahipsiniz?<\/h4>\n\n\n\n<p>Veri sahipleri, verilerine eri\u015fim, d\u00fczeltme veya silme talep etme hakk\u0131na sahiptir.<\/p>\n\n\n\n<p>\u0130\u015flemenin r\u0131zaya dayal\u0131 oldu\u011fu durumlarda, bu r\u0131za gelecekte ge\u00e7erli olmak \u00fczere herhangi bir zamanda geri \u00e7ekilebilir.<\/p>\n\n\n\n<p>Talepler, b\u00f6l\u00fcm 1'de verilen irtibat ki\u015fisine iletilebilir. Talepleri \u0130svi\u00e7re veri koruma yasas\u0131na uygun olarak i\u015fleyece\u011fiz ve yasal h\u00fck\u00fcmlere g\u00f6re reddedebilir veya k\u0131s\u0131tlayabiliriz.<\/p>\n\n\n\n<p><\/p>\n\n\n\n<h4 class=\"wp-block-heading\">6. \u00c7erezler<\/h4>\n\n\n\n<p>Web sitemizde \u00e7erezler kullan\u0131yoruz. \u00c7erezler, cihaz\u0131n\u0131zda depolanan k\u00fc\u00e7\u00fck metin dosyalar\u0131d\u0131r.<\/p>\n\n\n\n<p>Web sitesinin d\u00fczg\u00fcn \u00e7al\u0131\u015fmas\u0131n\u0131 sa\u011flamak, kullan\u0131m\u0131 izlemek ve tercihleri belirlemek (\u00f6rne\u011fin, siteyi se\u00e7ti\u011finiz dilde g\u00f6r\u00fcnt\u00fclemek) i\u00e7in \u00e7erezleri kullan\u0131yoruz.<\/p>\n\n\n\n<p>\u00c7o\u011fu taray\u0131c\u0131 \u00e7erezleri otomatik olarak kabul edecek \u015fekilde \u00f6nceden yap\u0131land\u0131r\u0131lm\u0131\u015ft\u0131r. Bunlar\u0131 taray\u0131c\u0131 ayarlar\u0131n\u0131zdan devre d\u0131\u015f\u0131 b\u0131rakabilirsiniz.<\/p>\n\n\n\n<p><\/p>\n\n\n\n<h4 class=\"wp-block-heading\">7. Bu Gizlilik Politikas\u0131 de\u011fi\u015ftirilebilir mi?<\/h4>\n\n\n\n<p>Bu Gizlilik Politikas\u0131 zaman zaman g\u00fcncellenebilir, \u00f6rne\u011fin yasalar de\u011fi\u015firse veya veri i\u015flememizi de\u011fi\u015ftirirsek. De\u011fi\u015fiklikler hakk\u0131nda sizi uygun \u015fekilde bilgilendirece\u011fiz (\u00f6rne\u011fin, web sitesi yay\u0131n\u0131 veya e-posta yoluyla). Yeni s\u00fcr\u00fcm, web sitemizde yay\u0131nland\u0131ktan sonra ba\u011flay\u0131c\u0131 hale gelir.<\/p>\n\n\n\n<p><\/p>\n\n\n\n<p><strong>Versiyon: Eyl\u00fcl 2023<\/strong><\/p>","protected":false},"excerpt":{"rendered":"<p>for the website and customers of ConVacc AG With this Privacy Policy, we, ConVacc AG, based in Flawil, describe how we process your personal data when you use our website, purchase our products, use our services, are otherwise connected with us in the context of a contract, or communicate with us. If you provide us [&hellip;]<\/p>\n","protected":false},"author":1,"featured_media":0,"parent":0,"menu_order":0,"comment_status":"closed","ping_status":"closed","template":"","meta":{"footnotes":""},"class_list":["post-3","page","type-page","status-publish","hentry"],"yoast_head":"<!-- This site is optimized with the Yoast SEO plugin v27.4 - https:\/\/yoast.com\/product\/yoast-seo-wordpress\/ -->\n<title>Privacy Policy - Steinemann CVS<\/title>\n<meta name=\"robots\" content=\"noindex, nofollow\" \/>\n<meta property=\"og:locale\" content=\"tr_TR\" \/>\n<meta property=\"og:type\" content=\"article\" \/>\n<meta property=\"og:title\" content=\"Privacy Policy - Steinemann CVS\" \/>\n<meta property=\"og:description\" content=\"for the website and customers of ConVacc AG With this Privacy Policy, we, ConVacc AG, based in Flawil, describe how we process your personal data when you use our website, purchase our products, use our services, are otherwise connected with us in the context of a contract, or communicate with us. If you provide us [&hellip;]\" \/>\n<meta property=\"og:url\" content=\"https:\/\/steinemann-cvs.ch\/tr\/gizlilik-politikasi\/\" \/>\n<meta property=\"og:site_name\" content=\"Steinemann CVS\" \/>\n<meta property=\"article:modified_time\" content=\"2025-09-23T12:34:32+00:00\" \/>\n<meta property=\"og:image\" content=\"https:\/\/steinemann-cvs.ch\/wp-content\/uploads\/2025\/09\/STE_CVS_CH_RGB_POS-1.png\" \/>\n\t<meta property=\"og:image:width\" content=\"2101\" \/>\n\t<meta property=\"og:image:height\" content=\"2101\" \/>\n\t<meta property=\"og:image:type\" content=\"image\/png\" \/>\n<meta name=\"twitter:card\" content=\"summary_large_image\" \/>\n<meta name=\"twitter:label1\" content=\"Tahmini okuma s\u00fcresi\" \/>\n\t<meta name=\"twitter:data1\" content=\"5 dakika\" \/>\n<script type=\"application\/ld+json\" class=\"yoast-schema-graph\">{\"@context\":\"https:\\\/\\\/schema.org\",\"@graph\":[{\"@type\":\"WebPage\",\"@id\":\"https:\\\/\\\/steinemann-cvs.ch\\\/privacy-policy\\\/\",\"url\":\"https:\\\/\\\/steinemann-cvs.ch\\\/privacy-policy\\\/\",\"name\":\"Privacy Policy - Steinemann CVS\",\"isPartOf\":{\"@id\":\"https:\\\/\\\/steinemann-cvs.ch\\\/#website\"},\"datePublished\":\"2025-09-16T06:43:19+00:00\",\"dateModified\":\"2025-09-23T12:34:32+00:00\",\"breadcrumb\":{\"@id\":\"https:\\\/\\\/steinemann-cvs.ch\\\/privacy-policy\\\/#breadcrumb\"},\"inLanguage\":\"tr\",\"potentialAction\":[{\"@type\":\"ReadAction\",\"target\":[\"https:\\\/\\\/steinemann-cvs.ch\\\/privacy-policy\\\/\"]}]},{\"@type\":\"BreadcrumbList\",\"@id\":\"https:\\\/\\\/steinemann-cvs.ch\\\/privacy-policy\\\/#breadcrumb\",\"itemListElement\":[{\"@type\":\"ListItem\",\"position\":1,\"name\":\"Home\",\"item\":\"https:\\\/\\\/steinemann-cvs.ch\\\/\"},{\"@type\":\"ListItem\",\"position\":2,\"name\":\"Privacy Policy\"}]},{\"@type\":\"WebSite\",\"@id\":\"https:\\\/\\\/steinemann-cvs.ch\\\/#website\",\"url\":\"https:\\\/\\\/steinemann-cvs.ch\\\/\",\"name\":\"Steinemann Central Vacuum Systems\",\"description\":\"\",\"publisher\":{\"@id\":\"https:\\\/\\\/steinemann-cvs.ch\\\/#organization\"},\"alternateName\":\"Steinemann CVS\",\"potentialAction\":[{\"@type\":\"SearchAction\",\"target\":{\"@type\":\"EntryPoint\",\"urlTemplate\":\"https:\\\/\\\/steinemann-cvs.ch\\\/?s={search_term_string}\"},\"query-input\":{\"@type\":\"PropertyValueSpecification\",\"valueRequired\":true,\"valueName\":\"search_term_string\"}}],\"inLanguage\":\"tr\"},{\"@type\":\"Organization\",\"@id\":\"https:\\\/\\\/steinemann-cvs.ch\\\/#organization\",\"name\":\"Steinemann Central Vacuum Systems\",\"alternateName\":\"Steinemann CVS\",\"url\":\"https:\\\/\\\/steinemann-cvs.ch\\\/\",\"logo\":{\"@type\":\"ImageObject\",\"inLanguage\":\"tr\",\"@id\":\"https:\\\/\\\/steinemann-cvs.ch\\\/#\\\/schema\\\/logo\\\/image\\\/\",\"url\":\"https:\\\/\\\/steinemann-cvs.ch\\\/wp-content\\\/uploads\\\/2025\\\/12\\\/CH_Steinemann_CSV_120_CMYK_POS.png\",\"contentUrl\":\"https:\\\/\\\/steinemann-cvs.ch\\\/wp-content\\\/uploads\\\/2025\\\/12\\\/CH_Steinemann_CSV_120_CMYK_POS.png\",\"width\":674,\"height\":114,\"caption\":\"Steinemann Central Vacuum Systems\"},\"image\":{\"@id\":\"https:\\\/\\\/steinemann-cvs.ch\\\/#\\\/schema\\\/logo\\\/image\\\/\"},\"sameAs\":[\"https:\\\/\\\/www.linkedin.com\\\/company\\\/steinemann-central-vacuum-systems-cvs\",\"https:\\\/\\\/www.youtube.com\\\/@steinemanncvs\"]}]}<\/script>\n<!-- \/ Yoast SEO plugin. -->","yoast_head_json":{"title":"Gizlilik Politikas\u0131 - Steinemann CVS","robots":{"index":"noindex","follow":"nofollow"},"og_locale":"tr_TR","og_type":"article","og_title":"Privacy Policy - Steinemann CVS","og_description":"for the website and customers of ConVacc AG With this Privacy Policy, we, ConVacc AG, based in Flawil, describe how we process your personal data when you use our website, purchase our products, use our services, are otherwise connected with us in the context of a contract, or communicate with us. If you provide us [&hellip;]","og_url":"https:\/\/steinemann-cvs.ch\/tr\/gizlilik-politikasi\/","og_site_name":"Steinemann CVS","article_modified_time":"2025-09-23T12:34:32+00:00","og_image":[{"width":2101,"height":2101,"url":"https:\/\/steinemann-cvs.ch\/wp-content\/uploads\/2025\/09\/STE_CVS_CH_RGB_POS-1.png","type":"image\/png"}],"twitter_card":"summary_large_image","twitter_misc":{"Tahmini okuma s\u00fcresi":"5 dakika"},"schema":{"@context":"https:\/\/schema.org","@graph":[{"@type":"WebPage","@id":"https:\/\/steinemann-cvs.ch\/privacy-policy\/","url":"https:\/\/steinemann-cvs.ch\/privacy-policy\/","name":"Gizlilik Politikas\u0131 - Steinemann CVS","isPartOf":{"@id":"https:\/\/steinemann-cvs.ch\/#website"},"datePublished":"2025-09-16T06:43:19+00:00","dateModified":"2025-09-23T12:34:32+00:00","breadcrumb":{"@id":"https:\/\/steinemann-cvs.ch\/privacy-policy\/#breadcrumb"},"inLanguage":"tr","potentialAction":[{"@type":"ReadAction","target":["https:\/\/steinemann-cvs.ch\/privacy-policy\/"]}]},{"@type":"BreadcrumbList","@id":"https:\/\/steinemann-cvs.ch\/privacy-policy\/#breadcrumb","itemListElement":[{"@type":"ListItem","position":1,"name":"Home","item":"https:\/\/steinemann-cvs.ch\/"},{"@type":"ListItem","position":2,"name":"Privacy Policy"}]},{"@type":"WebSite","@id":"https:\/\/steinemann-cvs.ch\/#website","url":"https:\/\/steinemann-cvs.ch\/","name":"Steinemann Merkezi Vakum Sistemleri","description":"","publisher":{"@id":"https:\/\/steinemann-cvs.ch\/#organization"},"alternateName":"Steinemann CVS","potentialAction":[{"@type":"SearchAction","target":{"@type":"EntryPoint","urlTemplate":"https:\/\/steinemann-cvs.ch\/?s={search_term_string}"},"query-input":{"@type":"PropertyValueSpecification","valueRequired":true,"valueName":"search_term_string"}}],"inLanguage":"tr"},{"@type":"Organization","@id":"https:\/\/steinemann-cvs.ch\/#organization","name":"Steinemann Merkezi Vakum Sistemleri","alternateName":"Steinemann CVS","url":"https:\/\/steinemann-cvs.ch\/","logo":{"@type":"ImageObject","inLanguage":"tr","@id":"https:\/\/steinemann-cvs.ch\/#\/schema\/logo\/image\/","url":"https:\/\/steinemann-cvs.ch\/wp-content\/uploads\/2025\/12\/CH_Steinemann_CSV_120_CMYK_POS.png","contentUrl":"https:\/\/steinemann-cvs.ch\/wp-content\/uploads\/2025\/12\/CH_Steinemann_CSV_120_CMYK_POS.png","width":674,"height":114,"caption":"Steinemann Central Vacuum Systems"},"image":{"@id":"https:\/\/steinemann-cvs.ch\/#\/schema\/logo\/image\/"},"sameAs":["https:\/\/www.linkedin.com\/company\/steinemann-central-vacuum-systems-cvs","https:\/\/www.youtube.com\/@steinemanncvs"]}]}},"_links":{"self":[{"href":"https:\/\/steinemann-cvs.ch\/tr\/wp-json\/wp\/v2\/pages\/3","targetHints":{"allow":["GET"]}}],"collection":[{"href":"https:\/\/steinemann-cvs.ch\/tr\/wp-json\/wp\/v2\/pages"}],"about":[{"href":"https:\/\/steinemann-cvs.ch\/tr\/wp-json\/wp\/v2\/types\/page"}],"author":[{"embeddable":true,"href":"https:\/\/steinemann-cvs.ch\/tr\/wp-json\/wp\/v2\/users\/1"}],"replies":[{"embeddable":true,"href":"https:\/\/steinemann-cvs.ch\/tr\/wp-json\/wp\/v2\/comments?post=3"}],"version-history":[{"count":4,"href":"https:\/\/steinemann-cvs.ch\/tr\/wp-json\/wp\/v2\/pages\/3\/revisions"}],"predecessor-version":[{"id":21321,"href":"https:\/\/steinemann-cvs.ch\/tr\/wp-json\/wp\/v2\/pages\/3\/revisions\/21321"}],"wp:attachment":[{"href":"https:\/\/steinemann-cvs.ch\/tr\/wp-json\/wp\/v2\/media?parent=3"}],"curies":[{"name":"wp","href":"https:\/\/api.w.org\/{rel}","templated":true}]}}